{"version":"1.0","provider_name":"La bataille de Saint-L\u00e9onard","provider_url":"https:\/\/labatailledesaintleonard-lefilm.com\/en\/","title":"La bataille de Saint-L\u00e9onard - F\u00e9lix Rose - En salle le 11 octobre 2024","type":"rich","width":600,"height":338,"html":"<blockquote class=\"wp-embedded-content\" data-secret=\"dfmWIR4AUE\"><a href=\"https:\/\/labatailledesaintleonard-lefilm.com\/en\/\">La bataille de Saint-L\u00e9onard<\/a><\/blockquote><iframe sandbox=\"allow-scripts\" security=\"restricted\" src=\"https:\/\/labatailledesaintleonard-lefilm.com\/en\/embed\/#?secret=dfmWIR4AUE\" width=\"600\" height=\"338\" title=\"&#8220;La bataille de Saint-L\u00e9onard&#8221; &#8212; La bataille de Saint-L\u00e9onard\" data-secret=\"dfmWIR4AUE\" frameborder=\"0\" marginwidth=\"0\" marginheight=\"0\" scrolling=\"no\" class=\"wp-embedded-content\"><\/iframe><script>\n\/*! This file is auto-generated *\/\n!function(d,l){\"use strict\";l.querySelector&&d.addEventListener&&\"undefined\"!=typeof URL&&(d.wp=d.wp||{},d.wp.receiveEmbedMessage||(d.wp.receiveEmbedMessage=function(e){var t=e.data;if((t||t.secret||t.message||t.value)&&!\/[^a-zA-Z0-9]\/.test(t.secret)){for(var s,r,n,a=l.querySelectorAll('iframe[data-secret=\"'+t.secret+'\"]'),o=l.querySelectorAll('blockquote[data-secret=\"'+t.secret+'\"]'),c=new RegExp(\"^https?:$\",\"i\"),i=0;i<o.length;i++)o[i].style.display=\"none\";for(i=0;i<a.length;i++)s=a[i],e.source===s.contentWindow&&(s.removeAttribute(\"style\"),\"height\"===t.message?(1e3<(r=parseInt(t.value,10))?r=1e3:~~r<200&&(r=200),s.height=r):\"link\"===t.message&&(r=new URL(s.getAttribute(\"src\")),n=new URL(t.value),c.test(n.protocol))&&n.host===r.host&&l.activeElement===s&&(d.top.location.href=t.value))}},d.addEventListener(\"message\",d.wp.receiveEmbedMessage,!1),l.addEventListener(\"DOMContentLoaded\",function(){for(var e,t,s=l.querySelectorAll(\"iframe.wp-embedded-content\"),r=0;r<s.length;r++)(t=(e=s[r]).getAttribute(\"data-secret\"))||(t=Math.random().toString(36).substring(2,12),e.src+=\"#?secret=\"+t,e.setAttribute(\"data-secret\",t)),e.contentWindow.postMessage({message:\"ready\",secret:t},\"*\")},!1)))}(window,document);\n\/\/# sourceURL=https:\/\/labatailledesaintleonard-lefilm.com\/wp-includes\/js\/wp-embed.min.js\n<\/script>\n","thumbnail_url":"https:\/\/labatailledesaintleonard-lefilm.com\/wp-content\/uploads\/sites\/62\/2024\/08\/STLEONARD_01_Emeute-a-Saint-Leonard_source-La-Presse-1024x554.png","thumbnail_width":1024,"thumbnail_height":554,"description":"Une crise linguistique sans pr\u00e9c\u00e9dent se d\u00e9roule au c\u0153ur de la ville de Saint-L\u00e9onard en 1968-1969. Des parents francophones revendiquent des \u00e9coles uniquement en fran\u00e7ais alors que des membres de la communaut\u00e9 italienne souhaitent pr\u00e9server des \u00e9coles bilingues. Le conflit s\u2019\u00e9tend \u00e0 la grandeur du Qu\u00e9bec et cr\u00e9e d\u2019\u00e9normes tensions qui d\u00e9g\u00e9n\u00e8rent en violence et culminent par une \u00e9meute sanglante."}